{"id":3403,"date":"2026-09-02T22:07:59","date_gmt":"2026-09-02T21:07:59","guid":{"rendered":"https:\/\/www.uteportogruarese.it\/ute\/?page_id=3403"},"modified":"2026-09-03T13:05:30","modified_gmt":"2026-09-03T12:05:30","slug":"corsi-vari","status":"publish","type":"page","link":"https:\/\/www.uteportogruarese.it\/ute\/corsi-vari","title":{"rendered":"CORSI VARI"},"content":{"rendered":"<p data-path-to-node=\"1\"><b data-path-to-node=\"1\" data-index-in-node=\"0\">CORSI DEL LUNED\u00cc<\/b><\/p>\n<ul data-path-to-node=\"2\">\n<li>\n<p data-path-to-node=\"2,0,0\"><b data-path-to-node=\"2,0,0\" data-index-in-node=\"0\">Periodo:<\/b> Dal 5 ottobre al 19 aprile 2026<\/p>\n<\/li>\n<li>\n<p data-path-to-node=\"2,1,0\"><b data-path-to-node=\"2,1,0\" data-index-in-node=\"0\">Orario e sede:<\/b> Aula grande a piano terra, dalle 17:00 alle 18:30<\/p>\n<\/li>\n<li>\n<p data-path-to-node=\"2,2,0\"><b data-path-to-node=\"2,2,0\" data-index-in-node=\"0\">Modalit\u00e0:<\/b> Alternanza settimanale tra Edoardo Sala (<i data-path-to-node=\"2,2,0\" data-index-in-node=\"51\">Neuroscienze<\/i>) e Paolo Vincenzino (<i data-path-to-node=\"2,2,0\" data-index-in-node=\"85\">I segreti del benessere<\/i>)<\/p>\n<\/li>\n<li>\n<p data-path-to-node=\"2,3,0\"><b data-path-to-node=\"2,3,0\" data-index-in-node=\"0\">Giorni di sospensione:<\/b><\/p>\n<ul data-path-to-node=\"2,3,1\">\n<li>\n<p data-path-to-node=\"2,3,1,0,0\">30 novembre (Sant&#8217;Andrea)<\/p>\n<\/li>\n<li>\n<p data-path-to-node=\"2,3,1,1,0\">28 dicembre<\/p>\n<\/li>\n<li>\n<p data-path-to-node=\"2,3,1,2,0\">4 gennaio<\/p>\n<\/li>\n<li>\n<p data-path-to-node=\"2,3,1,3,0\">29 marzo (Pasquetta)<\/p>\n<\/li>\n<\/ul>\n<\/li>\n<\/ul>\n<p data-path-to-node=\"1\"><span style=\"font-size: 18pt;\"><b data-path-to-node=\"1\" data-index-in-node=\"0\"><br \/>\nSOGNARE FA BENE 2<\/b><\/span><\/p>\n<ul data-path-to-node=\"2\">\n<li>\n<p data-path-to-node=\"2,0,0\"><b data-path-to-node=\"2,0,0\" data-index-in-node=\"0\">Docente:<\/b> Dott.ssa <strong>Patrizia Montagner<\/strong><\/p>\n<\/li>\n<li>\n<p data-path-to-node=\"2,1,0\"><b data-path-to-node=\"2,1,0\" data-index-in-node=\"0\">Orario:<\/b> Venerd\u00ec 16:30 \u2013 18:00<\/p>\n<\/li>\n<li>\n<p data-path-to-node=\"2,2,0\"><b data-path-to-node=\"2,2,0\" data-index-in-node=\"0\">Durata:<\/b> 8 sedute (da ottobre a novembre)<\/p>\n<\/li>\n<li>\n<p data-path-to-node=\"2,3,0\"><b data-path-to-node=\"2,3,0\" data-index-in-node=\"0\">Sede:<\/b> Aula 5 (Massimo 15 iscritti)<\/p>\n<\/li>\n<\/ul>\n<p data-path-to-node=\"3\"><span style=\"font-size: 18pt;\"><b data-path-to-node=\"3\" data-index-in-node=\"0\">NEUROSCIENZE<\/b><\/span><\/p>\n<ul data-path-to-node=\"4\">\n<li>\n<p data-path-to-node=\"4,0,0\"><b data-path-to-node=\"4,0,0\" data-index-in-node=\"0\">Docente:<\/b> Dottor <strong>Edoardo Sala<\/strong><\/p>\n<\/li>\n<li>\n<p data-path-to-node=\"4,1,0\"><b data-path-to-node=\"4,1,0\" data-index-in-node=\"0\">Orario:<\/b> Luned\u00ec alternati (un luned\u00ec s\u00ec e uno no) dalle 17:00 alle 18:30<\/p>\n<\/li>\n<li>\n<p data-path-to-node=\"4,2,0\"><b data-path-to-node=\"4,2,0\" data-index-in-node=\"0\">Durata:<\/b> Tutto l&#8217;anno<\/p>\n<\/li>\n<li>\n<p data-path-to-node=\"4,3,0\"><b data-path-to-node=\"4,3,0\" data-index-in-node=\"0\">Sede:<\/b> Aula grande a piano terra<\/p>\n<\/li>\n<\/ul>\n<p data-path-to-node=\"5\"><span style=\"font-size: 18pt;\"><b data-path-to-node=\"5\" data-index-in-node=\"0\">I SEGRETI DEL BENESSERE<\/b><\/span><\/p>\n<ul data-path-to-node=\"6\">\n<li>\n<p data-path-to-node=\"6,0,0\"><b data-path-to-node=\"6,0,0\" data-index-in-node=\"0\">Docente:<\/b> Operatore olistico <strong>Paolo Vincenzino<\/strong><\/p>\n<\/li>\n<li>\n<p data-path-to-node=\"6,1,0\"><b data-path-to-node=\"6,1,0\" data-index-in-node=\"0\">Orario:<\/b> Luned\u00ec alternati con il corso di Neuroscienze dalle 17:00 alle 18:30<\/p>\n<\/li>\n<li>\n<p data-path-to-node=\"6,2,0\"><b data-path-to-node=\"6,2,0\" data-index-in-node=\"0\">Sede:<\/b> Aula grande a piano terra<\/p>\n<\/li>\n<\/ul>\n<p data-path-to-node=\"7\"><span style=\"font-size: 18pt;\"><b data-path-to-node=\"7\" data-index-in-node=\"0\">CORSO DI FOTOGRAFIA CON TELEFONINO<\/b><\/span><\/p>\n<ul data-path-to-node=\"8\">\n<li>\n<p data-path-to-node=\"8,0,0\"><b data-path-to-node=\"8,0,0\" data-index-in-node=\"0\">A cura di:<\/b> Associazione 2050<\/p>\n<\/li>\n<li>\n<p data-path-to-node=\"8,1,0\"><b data-path-to-node=\"8,1,0\" data-index-in-node=\"0\">Sede:<\/b> Via Stadio<\/p>\n<\/li>\n<li>\n<p data-path-to-node=\"8,2,0\"><b data-path-to-node=\"8,2,0\" data-index-in-node=\"0\">Orari:<\/b> Tempi e modi da definire<\/p>\n<\/li>\n<\/ul>\n<p data-path-to-node=\"10\"><span style=\"font-size: 18pt;\"><b data-path-to-node=\"10\" data-index-in-node=\"0\">Informazioni generali<\/b><\/span><\/p>\n<ul data-path-to-node=\"11\">\n<li>\n<p data-path-to-node=\"11,0,0\"><b data-path-to-node=\"11,0,0\" data-index-in-node=\"0\">Nota orari:<\/b> Gli orari potranno essere modificati all&#8217;inizio dell&#8217;Anno Accademico in base a particolari esigenze dei docenti o degli iscritti.<\/p>\n<\/li>\n<li>\n<p data-path-to-node=\"11,1,0\"><b data-path-to-node=\"11,1,0\" data-index-in-node=\"0\">Quota di iscrizione:<\/b> La quota sociale di iscrizione all&#8217;Universit\u00e0 della Terza Et\u00e0 del Portogruarese \u00e8 di <b data-path-to-node=\"11,1,0\" data-index-in-node=\"106\">\u20ac 50,00 annui<\/b> (comprensivi di assicurazione).<\/p>\n<\/li>\n<\/ul>\n","protected":false},"excerpt":{"rendered":"<p>CORSI DEL LUNED\u00cc Periodo: Dal 5 ottobre al 19 aprile 2026 Orario e sede: Aula grande a piano terra, dalle 17:00 alle 18:30 Modalit\u00e0: Alternanza settimanale tra Edoardo Sala (Neuroscienze) e Paolo Vincenzino (I segreti del benessere) Giorni di sospensione: 30 novembre (Sant&#8217;Andrea) 28 dicembre 4 gennaio 29 marzo (Pasquetta)&#8230; <a class=\"continue-reading-link\" href=\"https:\/\/www.uteportogruarese.it\/ute\/corsi-vari\">Continue reading<\/a><\/p>\n","protected":false},"author":1,"featured_media":0,"parent":0,"menu_order":0,"comment_status":"closed","ping_status":"closed","template":"","meta":{"ngg_post_thumbnail":0,"footnotes":""},"_links":{"self":[{"href":"https:\/\/www.uteportogruarese.it\/ute\/wp-json\/wp\/v2\/pages\/3403"}],"collection":[{"href":"https:\/\/www.uteportogruarese.it\/ute\/wp-json\/wp\/v2\/pages"}],"about":[{"href":"https:\/\/www.uteportogruarese.it\/ute\/wp-json\/wp\/v2\/types\/page"}],"author":[{"embeddable":true,"href":"https:\/\/www.uteportogruarese.it\/ute\/wp-json\/wp\/v2\/users\/1"}],"replies":[{"embeddable":true,"href":"https:\/\/www.uteportogruarese.it\/ute\/wp-json\/wp\/v2\/comments?post=3403"}],"version-history":[{"count":4,"href":"https:\/\/www.uteportogruarese.it\/ute\/wp-json\/wp\/v2\/pages\/3403\/revisions"}],"predecessor-version":[{"id":3425,"href":"https:\/\/www.uteportogruarese.it\/ute\/wp-json\/wp\/v2\/pages\/3403\/revisions\/3425"}],"wp:attachment":[{"href":"https:\/\/www.uteportogruarese.it\/ute\/wp-json\/wp\/v2\/media?parent=3403"}],"curies":[{"name":"wp","href":"https:\/\/api.w.org\/{rel}","templated":true}]}}