{"id":3068,"date":"2024-11-20T17:50:50","date_gmt":"2024-11-20T16:50:50","guid":{"rendered":"https:\/\/www.uteportogruarese.it\/ute\/?page_id=3068"},"modified":"2025-03-28T16:14:53","modified_gmt":"2025-03-28T15:14:53","slug":"francese","status":"publish","type":"page","link":"https:\/\/www.uteportogruarese.it\/ute\/corsi-di-lingue\/francese","title":{"rendered":"Francese"},"content":{"rendered":"<h1>Devoirs de fran\u00e7ais et autres mat\u00e9riels<\/h1>\n<ul>\n<li><span style=\"font-size: 18pt;\"><strong>2025 Mar &#8211; Tous les documents en Pdf sur la couleur ensemble de Michel Pastoureau<\/strong><\/span><\/li>\n<\/ul>\n<p>&nbsp; &nbsp; &nbsp; <strong>&nbsp;<span style=\"font-size: 14pt;\">Blu&nbsp;<\/span><\/strong> &#8211;&nbsp; <span style=\"font-size: 14pt;\"><strong><a href=\"https:\/\/www.uteportogruarese.it\/ute\/wp-content\/uploads\/2025\/02\/Michel-Pastoureau-Le-bleu.pdf\" target=\"_blank\" rel=\"noopener\">Le bleu<\/a><\/strong><\/span><\/p>\n<p>&nbsp; &nbsp; &nbsp; <span style=\"font-size: 14pt;\"><strong>&nbsp;Rouge &#8211;&nbsp; &nbsp; <\/strong><\/span><strong style=\"font-size: 18.6667px;\"><a href=\"https:\/\/www.uteportogruarese.it\/ute\/wp-content\/uploads\/2025\/02\/le-rouge.pdf\" target=\"_blank\" rel=\"noopener\">Le rouge<\/a><\/strong><\/p>\n<p><span style=\"font-size: 14pt;\"><strong>&nbsp; &nbsp; &nbsp; &nbsp;Vert&nbsp; &#8211; &nbsp; &nbsp;&nbsp;<a href=\"https:\/\/www.uteportogruarese.it\/ute\/wp-content\/uploads\/2025\/01\/Le_vert.pdf\" target=\"_blank\" rel=\"noopener\"> Le_vert<\/a><\/strong><\/span><\/p>\n<p><span style=\"font-size: 14pt;\"><strong>&nbsp; &nbsp; &nbsp; &nbsp;Jaune&nbsp; &nbsp; <span style=\"font-size: 14pt;\">&nbsp;<a href=\"https:\/\/www.uteportogruarese.it\/ute\/wp-content\/uploads\/2025\/01\/Il-etait-une-fois-les-couleurs.pdf\" target=\"_blank\" rel=\"noopener\">Le Jaune<\/a><\/span><\/strong><\/span><\/p>\n<p><span style=\"font-size: 14pt;\"><strong>&nbsp; &nbsp; &nbsp; &nbsp;Noir&nbsp; &nbsp; &nbsp; <a href=\"https:\/\/www.uteportogruarese.it\/ute\/wp-content\/uploads\/2025\/03\/IL-ETAIT-UNE-FOIS-LES-COULEURS_LE-NOIR.pdf\">Le Noir<\/a><\/strong><\/span><br \/>\n&nbsp; &nbsp; &nbsp;&nbsp;<\/p>\n<ul>\n<li><span style=\"font-size: 18pt;\"><strong>2025 Mar &#8211; Azul e Asmar<\/strong><\/span><\/li>\n<\/ul>\n<p>&nbsp; &nbsp; &nbsp; &nbsp; &nbsp; &nbsp;<span style=\"font-size: 14pt;\">Une fable avec le go\u00fbt des Mille et Une Nuits. Rappelle l&#8217;enfance mais aborde des th\u00e8mes pour les adultes.&nbsp; <strong><span style=\"color: #ff0000;\"><a style=\"color: #ff0000;\" href=\"https:\/\/www.uteportogruarese.it\/ute\/corsi-di-lingue\/francese\/azul-e-asmar\" target=\"_blank\" rel=\"noopener\">Click<\/a><br \/>\n&nbsp; &nbsp; &nbsp; &nbsp; &nbsp; <img decoding=\"async\" loading=\"lazy\" class=\"alignnone size-medium wp-image-3172\" src=\"https:\/\/www.uteportogruarese.it\/ute\/wp-content\/uploads\/2025\/03\/AzuleAsmar-350x187.jpg\" alt=\"\" width=\"350\" height=\"187\" srcset=\"https:\/\/www.uteportogruarese.it\/ute\/wp-content\/uploads\/2025\/03\/AzuleAsmar-350x187.jpg 350w, https:\/\/www.uteportogruarese.it\/ute\/wp-content\/uploads\/2025\/03\/AzuleAsmar-150x80.jpg 150w, https:\/\/www.uteportogruarese.it\/ute\/wp-content\/uploads\/2025\/03\/AzuleAsmar.jpg 546w\" sizes=\"(max-width: 350px) 100vw, 350px\" \/><br \/>\n<\/span><\/strong><\/span><\/p>\n<ul>\n<li><span style=\"font-size: 18pt;\"><strong>2025 Fev &#8211; Poesie La Saule de Alfred de Musset<\/strong><\/span><\/li>\n<li><strong><span style=\"font-size: 14pt;\"> Pdf <a href=\"https:\/\/www.uteportogruarese.it\/ute\/wp-content\/uploads\/2025\/02\/Le-saule_AlfredMusset.docx\">Le saule_AlfredMusset<\/a>&nbsp;<\/span><\/strong><br \/>\n<strong><span style=\"font-size: 14pt;\">Audio: Lit par Lucien&nbsp;<\/span><\/strong><br \/>\n<!--[if lt IE 9]><script>document.createElement('audio');<\/script><![endif]-->\n<audio class=\"wp-audio-shortcode\" id=\"audio-3068-1\" preload=\"none\" style=\"width: 100%;\" controls=\"controls\"><source type=\"audio\/mpeg\" src=\"https:\/\/www.uteportogruarese.it\/ute\/wp-content\/uploads\/2025\/02\/LaSale_AlfredDeMusset_parLucien.mp3?_=1\" \/><a href=\"https:\/\/www.uteportogruarese.it\/ute\/wp-content\/uploads\/2025\/02\/LaSale_AlfredDeMusset_parLucien.mp3\">https:\/\/www.uteportogruarese.it\/ute\/wp-content\/uploads\/2025\/02\/LaSale_AlfredDeMusset_parLucien.mp3<\/a><\/audio><\/li>\n<li>\n<h2><strong><span style=\"font-size: 18pt;\">2025 Fev &#8211;&nbsp;<\/span><\/strong>Marketing olfactif&nbsp;<\/h2>\n<\/li>\n<\/ul>\n<p class=\"style-scope ytd-watch-metadata\"><span style=\"font-size: 14pt;\"><strong>Associer une odeur \u00e0 une marque pour stimuler l&#8217;acte d&#8217;achat<\/strong> <strong><span style=\"color: #ff0000;\"><a style=\"color: #ff0000;\" href=\"https:\/\/www.youtube.com\/watch?v=d3N5D-jtElM\" target=\"_blank\" rel=\"noopener\">Video Youtube<\/a><\/span><\/strong><\/span><\/p>\n<ul>\n<li><strong><span style=\"font-size: 18pt;\">2025 Fev &#8211; L&#8217;intelligence Artificial&nbsp;<\/span><\/strong><\/li>\n<\/ul>\n<p><span style=\"font-size: 14pt;\"><strong><a href=\"https:\/\/www.uteportogruarese.it\/ute\/wp-content\/uploads\/2025\/02\/AI_feb2025.pdf\">AI_feb2025 &#8211; Document en PDF, Click<\/a><\/strong><\/span><\/p>\n<ul>\n<li><strong><span style=\"font-size: 18pt;\">2025 Fev &#8211; Le rouge &#8211; C&#8217;est le feu e le sang, l&#8217;amour et l&#8217;enfer<\/span><\/strong><\/li>\n<\/ul>\n<p><span style=\"font-size: 14pt;\"><strong><a href=\"https:\/\/www.uteportogruarese.it\/ute\/wp-content\/uploads\/2025\/02\/le-rouge.pdf\">Document en PDF, Click<\/a><\/strong><\/span><\/p>\n<ul>\n<li><strong><span style=\"font-size: 18pt;\">2025 Gen &#8211; R\u00e9f\u00e9rences d&#8217;exercises<\/span><\/strong><\/li>\n<\/ul>\n<p><strong><span style=\"font-size: 14pt;\">Bient\u00f4t une p\u00e9nurie des m\u00e9taux rares ? <span style=\"color: #ff0000;\"><a style=\"color: #ff0000;\" href=\"https:\/\/www.francepodcasts.com\/2023\/03\/16\/bientot-une-penurie-des-metaux-rares\/\" target=\"_blank\" rel=\"noopener\">Click<\/a><\/span><\/span><\/strong><\/p>\n<p><span style=\"font-size: 14pt;\"><strong>Bient\u00f4t le retour des mammouths ? <span style=\"color: #ff0000;\"><a style=\"color: #ff0000;\" href=\"https:\/\/www.francepodcasts.com\/2023\/03\/07\/bientot-le-retour-des-mammouths\/\" target=\"_blank\" rel=\"noopener\">Click<\/a><\/span><\/strong><\/span><\/p>\n<p><strong><span style=\"font-size: 14pt;\">Les in\u00e9galit\u00e9s continuent d\u2019augmenter dans le monde <span style=\"color: #ff0000;\"><a style=\"color: #ff0000;\" href=\"https:\/\/www.francepodcasts.com\/2022\/12\/21\/les-inegalites-continuent-daugmenter-dans-le-monde\/\" target=\"_blank\" rel=\"noopener\">Click<\/a><\/span><\/span><\/strong><\/p>\n<p><strong><span style=\"font-size: 14pt;\">Comment nourrir la population mondiale d\u2019ici 2040 ? <span style=\"color: #ff0000;\"><a style=\"color: #ff0000;\" href=\"https:\/\/www.francepodcasts.com\/2022\/12\/07\/comment-nourrir-la-population-mondiale-dici-2040\/\" target=\"_blank\" rel=\"noopener\">Click<\/a><\/span><\/span><\/strong><\/p>\n<p><strong><span style=\"font-size: 14pt;\">De\u0301couverte d\u2019une nouvelle plane\u0300te&nbsp;<span style=\"color: #ff0000;\"><a style=\"color: #ff0000;\" href=\"https:\/\/www.francepodcasts.com\/2022\/09\/26\/decouverte-dune-nouvelle-planete\/\" target=\"_blank\" rel=\"noopener\">Click<\/a><\/span><\/span><\/strong><\/p>\n<p><strong><span style=\"font-size: 14pt;\">La d\u00e9couverte des fonds marins&nbsp;&nbsp;<span style=\"color: #ff0000;\"><a style=\"color: #ff0000;\" href=\"https:\/\/www.francepodcasts.com\/2023\/02\/08\/la-decouverte-des-fonds-marins\/\" target=\"_blank\" rel=\"noopener\">Click<\/a><\/span><\/span><\/strong><\/p>\n<p><strong><span style=\"font-size: 14pt;\">Un nouveau rapport sur la biodiversit\u00e9&nbsp;&nbsp;<span style=\"color: #ff0000;\"><a style=\"color: #ff0000;\" href=\"https:\/\/www.francepodcasts.com\/2023\/02\/16\/un-nouveau-rapport-sur-la-biodiversite\/\" target=\"_blank\" rel=\"noopener\">Click<\/a><\/span><\/span><\/strong><\/p>\n<p><strong><span style=\"font-size: 14pt;\">Climat : nouveaux records de chaleur&nbsp;&nbsp;<span style=\"color: #ff0000;\"><a style=\"color: #ff0000;\" href=\"https:\/\/www.francepodcasts.com\/2023\/01\/06\/climat-nouveaux-records-de-chaleur\/\" target=\"_blank\" rel=\"noopener\">Click<\/a><\/span><\/span><\/strong><\/p>\n<p><strong><span style=\"font-size: 14pt;\"><span style=\"color: #ff0000;\">Pourquoi le moustique pique-t-il plus certaines personnes<\/span> ?&nbsp;<span style=\"color: #ff0000;\"><a style=\"color: #ff0000;\" href=\"https:\/\/www.francepodcasts.com\/2022\/11\/14\/pourquoi-le-moustique-pique-t-il-plus-certaines-personnes\/\" target=\"_blank\" rel=\"noopener\">Click<\/a><\/span><\/span><\/strong><\/p>\n<p><strong><span style=\"font-size: 14pt;\">Une femme apprend a\u0300 lire a\u0300 104 ans&nbsp;&nbsp;<span style=\"color: #ff0000;\"><a style=\"color: #ff0000;\" href=\"https:\/\/www.francepodcasts.com\/2022\/10\/21\/une-femme-apprend-a-lire-a-104-ans\/\" target=\"_blank\" rel=\"noopener\">Click<\/a><\/span><\/span><\/strong><\/p>\n<p><strong><span style=\"font-size: 14pt;\">Un trou noir supermassif a \u00e9t\u00e9 pris en photo&nbsp;&nbsp;<span style=\"color: #ff0000;\"><a style=\"color: #ff0000;\" href=\"https:\/\/www.francepodcasts.com\/2022\/10\/03\/un-trou-noir-supermassif-a-ete-pris-en-photo\/\" target=\"_blank\" rel=\"noopener\">Click<\/a><\/span><\/span><\/strong><\/p>\n<p><strong><span style=\"font-size: 14pt;\">Des magasins utilisent des odeurs pour mieux vendre&nbsp;&nbsp;<span style=\"color: #ff0000;\"><a style=\"color: #ff0000;\" href=\"https:\/\/www.francepodcasts.com\/2019\/04\/17\/des-magasins-utilisent-des-odeurs-pour-mieux-vendre\/\" target=\"_blank\" rel=\"noopener\">Click<\/a><\/span><\/span><\/strong><\/p>\n<p><strong><span style=\"font-size: 14pt;\">&nbsp;Qu\u2019est-ce que le marketing olfactif ?&nbsp;&nbsp;<span style=\"color: #ff0000;\"><a style=\"color: #ff0000;\" href=\"https:\/\/jai-un-pote-dans-la.com\/definition\/marketing-olfactif\/\" target=\"_blank\" rel=\"noopener\">Click<\/a><\/span><\/span><\/strong><\/p>\n<ul>\n<li><strong><span style=\"font-size: 18pt;\">2025 Gen &#8211; Le jaune &#8211; Tous les attributs de l&#8217;infamie!<\/span><\/strong><\/li>\n<\/ul>\n<p><span style=\"font-size: 18pt;\">&nbsp; &nbsp; &nbsp;<span style=\"font-size: 14pt;\"><strong>PDF<\/strong>&nbsp; &nbsp; Michel Pastoureau&nbsp; <a href=\"https:\/\/www.uteportogruarese.it\/ute\/wp-content\/uploads\/2025\/01\/Il-etait-une-fois-les-couleurs.pdf\">Il e\u0301tait une fois les couleurs<\/a><\/span><br \/>\n<\/span><\/p>\n<hr>\n<ul>\n<li><strong><span style=\"font-size: 18pt;\">2025 Gen &#8211; De\u0301couvertes insolites gra\u0302ce a\u0300 la se\u0301cheresse<br \/>\n<span style=\"color: #ff0000; font-size: 14pt;\"><a style=\"color: #ff0000;\" href=\"https:\/\/www.francepodcasts.com\/2022\/09\/13\/decouvertes-insolites-gra%cc%82ce-a-la-secheresse\/\" target=\"_blank\" rel=\"noopener\">Cliquez ici<\/a><\/span><\/span><\/strong><\/li>\n<\/ul>\n<hr>\n<ul>\n<li><span style=\"font-size: 18pt;\"><strong>2024 Dic &#8211; Le vert : celui qui cache bien son jeu<\/strong><\/span><\/li>\n<\/ul>\n<p>&nbsp; &nbsp; &nbsp; <span style=\"font-size: 14pt;\"><strong>PDF<\/strong>&nbsp; &nbsp; Michel Pastoureau&nbsp; &nbsp;<a href=\"https:\/\/www.uteportogruarese.it\/ute\/wp-content\/uploads\/2025\/01\/Le_vert.pdf\"> Le_vert <\/a><\/span><\/p>\n<hr>\n<ul>\n<li><span style=\"font-size: 18pt;\"><strong>2024 Dic.- Les ovnis (Les objets volants non-identifi\u00e9s) en 4 parties<\/strong><\/span><\/li>\n<\/ul>\n<p><img decoding=\"async\" src=\"https:\/\/www.gedistatic.it\/content\/gnn\/img\/lastampa\/2023\/05\/28\/100141488-d7113db6-2a60-48a5-8edf-0b1f849068b7.jpg\" alt=\"Ufo s\u00ec o Ufo no? Un convegno a Torino\"><\/p>\n<div id=\"pressrelease-link-3068\" class=\"sh-link pressrelease-link sh-hide\"><a href=\"#\" onclick=\"showhide_toggle('pressrelease', 3068, 'SCOPRI DI PI\u00d9', 'NASCONDI IL CONTENUTO'); return false;\" aria-expanded=\"false\"><span id=\"pressrelease-toggle-3068\">SCOPRI DI PI\u00d9<\/span><\/a><\/div><div id=\"pressrelease-content-3068\" class=\"sh-content pressrelease-content sh-hide\" style=\"display: none;\"><\/p>\n<p><strong>Personnages<br \/>\n<\/strong>M. Latour, Mme Merac, M. et Mme le Maire, M. Blanc, Mme Marti.<\/p>\n<p><a href=\"https:\/\/www.uteportogruarese.it\/ute\/wp-content\/uploads\/2024\/11\/Les-ovnis.pdf\">LES OVNIS PDF<\/a><\/p>\n<h3><span style=\"font-size: 14pt;\"><strong>AUDIO<\/strong><\/span><\/h3>\n<h4>Premi\u00e8re partie<\/h4>\n<p><audio class=\"wp-audio-shortcode\" id=\"audio-3068-2\" preload=\"none\" style=\"width: 100%;\" controls=\"controls\"><source type=\"audio\/mpeg\" src=\"https:\/\/www.uteportogruarese.it\/ute\/wp-content\/uploads\/2024\/11\/S4-P.I-Les-Ovnis.mp3?_=2\" \/><a href=\"https:\/\/www.uteportogruarese.it\/ute\/wp-content\/uploads\/2024\/11\/S4-P.I-Les-Ovnis.mp3\">https:\/\/www.uteportogruarese.it\/ute\/wp-content\/uploads\/2024\/11\/S4-P.I-Les-Ovnis.mp3<\/a><\/audio><\/p>\n<h4>Deuxi\u00e8me partie<\/h4>\n<p><audio class=\"wp-audio-shortcode\" id=\"audio-3068-3\" preload=\"none\" style=\"width: 100%;\" controls=\"controls\"><source type=\"audio\/mpeg\" src=\"https:\/\/www.uteportogruarese.it\/ute\/wp-content\/uploads\/2024\/11\/S4-P.II-Les-Ovnis.mp3?_=3\" \/><a href=\"https:\/\/www.uteportogruarese.it\/ute\/wp-content\/uploads\/2024\/11\/S4-P.II-Les-Ovnis.mp3\">https:\/\/www.uteportogruarese.it\/ute\/wp-content\/uploads\/2024\/11\/S4-P.II-Les-Ovnis.mp3<\/a><\/audio><\/p>\n<h4>Troisi\u00e8me partie<\/h4>\n<p><audio class=\"wp-audio-shortcode\" id=\"audio-3068-4\" preload=\"none\" style=\"width: 100%;\" controls=\"controls\"><source type=\"audio\/mpeg\" src=\"https:\/\/www.uteportogruarese.it\/ute\/wp-content\/uploads\/2024\/11\/S4-P.III-Les-Ovnis.mp3?_=4\" \/><a href=\"https:\/\/www.uteportogruarese.it\/ute\/wp-content\/uploads\/2024\/11\/S4-P.III-Les-Ovnis.mp3\">https:\/\/www.uteportogruarese.it\/ute\/wp-content\/uploads\/2024\/11\/S4-P.III-Les-Ovnis.mp3<\/a><\/audio><\/p>\n<h4>Quatri\u00e8me partie<\/h4>\n<p><audio class=\"wp-audio-shortcode\" id=\"audio-3068-5\" preload=\"none\" style=\"width: 100%;\" controls=\"controls\"><source type=\"audio\/mpeg\" src=\"https:\/\/www.uteportogruarese.it\/ute\/wp-content\/uploads\/2024\/11\/S4-P.IV-Les-Ovnis.mp3?_=5\" \/><a href=\"https:\/\/www.uteportogruarese.it\/ute\/wp-content\/uploads\/2024\/11\/S4-P.IV-Les-Ovnis.mp3\">https:\/\/www.uteportogruarese.it\/ute\/wp-content\/uploads\/2024\/11\/S4-P.IV-Les-Ovnis.mp3<\/a><\/audio><\/p>\n<p><\/div>\n<ul>\n<li><span style=\"font-size: 18pt;\"><span style=\"font-size: 18pt;\"><strong>2024 Nov.-Comprendre<span style=\"font-size: 18pt;\"> le r\u00e9chauffement climatique en 4 minutes<\/span><br \/>\n<\/strong><\/span><\/span>Pdf:<a href=\"https:\/\/www.uteportogruarese.it\/ute\/wp-content\/uploads\/2025\/01\/Comprendre-le-rechauffement-climatique.pdf\"> Comprendre le r\u00e9chauffement climatique<\/a><br \/>\nAudio:<audio class=\"wp-audio-shortcode\" id=\"audio-3068-6\" preload=\"none\" style=\"width: 100%;\" controls=\"controls\"><source type=\"audio\/mpeg\" src=\"https:\/\/www.uteportogruarese.it\/ute\/wp-content\/uploads\/2025\/01\/LeRechauffement.mp3?_=6\" \/><a href=\"https:\/\/www.uteportogruarese.it\/ute\/wp-content\/uploads\/2025\/01\/LeRechauffement.mp3\">https:\/\/www.uteportogruarese.it\/ute\/wp-content\/uploads\/2025\/01\/LeRechauffement.mp3<\/a><\/audio><\/li>\n<\/ul>\n<p>&nbsp;<\/p>\n","protected":false},"excerpt":{"rendered":"<p>Devoirs de fran\u00e7ais et autres mat\u00e9riels 2025 Mar &#8211; Tous les documents en Pdf sur la couleur ensemble de Michel Pastoureau &nbsp; &nbsp; &nbsp; &nbsp;Blu&nbsp; &#8211;&nbsp; Le bleu &nbsp; &nbsp; &nbsp; &nbsp;Rouge &#8211;&nbsp; &nbsp; Le rouge &nbsp; &nbsp; &nbsp; &nbsp;Vert&nbsp; &#8211; &nbsp; &nbsp;&nbsp; Le_vert &nbsp; &nbsp; &nbsp; &nbsp;Jaune&nbsp; &nbsp; &nbsp;Le&#8230; <a class=\"continue-reading-link\" href=\"https:\/\/www.uteportogruarese.it\/ute\/corsi-di-lingue\/francese\">Continue reading<\/a><\/p>\n","protected":false},"author":1,"featured_media":0,"parent":244,"menu_order":0,"comment_status":"closed","ping_status":"closed","template":"","meta":{"ngg_post_thumbnail":0,"footnotes":""},"_links":{"self":[{"href":"https:\/\/www.uteportogruarese.it\/ute\/wp-json\/wp\/v2\/pages\/3068"}],"collection":[{"href":"https:\/\/www.uteportogruarese.it\/ute\/wp-json\/wp\/v2\/pages"}],"about":[{"href":"https:\/\/www.uteportogruarese.it\/ute\/wp-json\/wp\/v2\/types\/page"}],"author":[{"embeddable":true,"href":"https:\/\/www.uteportogruarese.it\/ute\/wp-json\/wp\/v2\/users\/1"}],"replies":[{"embeddable":true,"href":"https:\/\/www.uteportogruarese.it\/ute\/wp-json\/wp\/v2\/comments?post=3068"}],"version-history":[{"count":3,"href":"https:\/\/www.uteportogruarese.it\/ute\/wp-json\/wp\/v2\/pages\/3068\/revisions"}],"predecessor-version":[{"id":3191,"href":"https:\/\/www.uteportogruarese.it\/ute\/wp-json\/wp\/v2\/pages\/3068\/revisions\/3191"}],"up":[{"embeddable":true,"href":"https:\/\/www.uteportogruarese.it\/ute\/wp-json\/wp\/v2\/pages\/244"}],"wp:attachment":[{"href":"https:\/\/www.uteportogruarese.it\/ute\/wp-json\/wp\/v2\/media?parent=3068"}],"curies":[{"name":"wp","href":"https:\/\/api.w.org\/{rel}","templated":true}]}}